{"id":38981,"date":"2025-09-03T13:34:17","date_gmt":"2025-09-03T11:34:17","guid":{"rendered":"https:\/\/srfb.be\/?post_type=event_listing&#038;p=38981"},"modified":"2025-09-28T00:35:50","modified_gmt":"2025-09-27T22:35:50","slug":"la-foret-de-soignes-une-mosaique-decosystemes-forestiers-27-09-2025","status":"expired","type":"event_listing","link":"https:\/\/kbbm.be\/de\/old-formations\/la-foret-de-soignes-une-mosaique-decosystemes-forestiers-27-09-2025\/","title":{"rendered":"Der Wald von Soignes, ein Mosaik aus Wald\u00f6kosystemen"},"content":{"rendered":"<p>Anl\u00e4sslich der Tage des Sonienwaldes, machen Sie einen Spaziergang f\u00fcr die breite \u00d6ffentlichkeit zur Entdeckung der Wald\u00f6kosysteme. Der Sonienwald ist ein reicher und vielf\u00e4ltiger Raum mit verschiedenen \u00d6kosystemen. Er beherbergt insbesondere Buchenw\u00e4lder (60% der Fl\u00e4che), Eichenw\u00e4lder, Nadelbaumbest\u00e4nde und Mischbest\u00e4nde. Dort findet man auch offene Lebensr\u00e4ume, Lichtungen, Sumpfgebiete, dichte Geb\u00fcsche, Brachland und Zonen mit Totholz, wodurch ein Mosaik aus Mikro\u00f6kosystemen entsteht. Diese verschiedenen, miteinander verbundenen Lebensr\u00e4ume bieten eine gro\u00dfe Vielfalt an Fauna und Flora, darunter auch seltene und gesch\u00fctzte Arten. Ich schlage Ihnen einen Spaziergang durch diese verschiedenen Landschaften vor, alte W\u00e4lder, Feuchtgebiete, Verj\u00fcngungszonen und Naturschutzgebiete.&nbsp;<\/p>\n\n\n\n<p>\u00d6ffentliche Wanderung (Familien, Erwachsene jeden Alters, Jugendliche). Wir empfehlen ein Mindestalter von 17 Jahren f\u00fcr Kinder. Unsere vierbeinigen Freunde m\u00f6gen unsere Erkl\u00e4rungen nicht. Lassen Sie sie lieber zu Hause.&nbsp;<\/p>\n\n\n\n<p>Anmeldung erforderlich, die Pl\u00e4tze sind begrenzt. <strong>Bitte f\u00fcllen Sie 1 Anmeldeformular pro Teilnehmer\/in aus.<\/strong>.&nbsp;<\/p>\n\n\n\n<p>Die K\u00f6nigliche Forstverein Belgiens (KFVN) ist ein gemeinn\u00fctziger Verein im Dienste des Waldes und der F\u00f6rster. Ihre Forest Friends-Projekte richten sich an die breite \u00d6ffentlichkeit, die den Lebensraum Wald verstehen m\u00f6chte. Die freiwilligen Waldf\u00fchrer der KFVN bringen Ihnen den Wald als Quelle des Lebens n\u00e4her, der in enger Verbindung mit dem Menschen steht.&nbsp;<\/p>","protected":false},"featured_media":17429,"template":"","meta":{"iawp_total_views":110},"event_listing_category":[732],"event_listing_type":[740],"class_list":["post-38981","event_listing","type-event_listing","status-expired","has-post-thumbnail","hentry","event_listing_category-forest-friends","event_listing_type-balade-guidee"],"yoast_head":"<!-- This site is optimized with the Yoast SEO plugin v27.4 - https:\/\/yoast.com\/product\/yoast-seo-wordpress\/ -->\n<title>La for\u00eat de Soignes, une mosa\u00efque d\u2019\u00e9cosyst\u00e8mes forestiers - Soci\u00e9t\u00e9 Royale Foresti\u00e8re de Belgique<\/title>\n<meta name=\"robots\" content=\"index, follow, max-snippet:-1, max-image-preview:large, max-video-preview:-1\" \/>\n<link rel=\"canonical\" href=\"https:\/\/www.kbbm.be\/de\/formations\/la-foret-de-soignes-une-mosaique-decosystemes-forestiers-27-09-2025\/\" \/>\n<meta property=\"og:locale\" content=\"de_DE\" \/>\n<meta property=\"og:type\" content=\"article\" \/>\n<meta property=\"og:title\" content=\"La for\u00eat de Soignes, une mosa\u00efque d\u2019\u00e9cosyst\u00e8mes forestiers - Soci\u00e9t\u00e9 Royale Foresti\u00e8re de Belgique\" \/>\n<meta property=\"og:description\" content=\"\u00c0&nbsp;l\u2019occasion des Journ\u00e9es de la for\u00eat de Soignes, partez en balade grand public \u00e0 la d\u00e9couverte des \u00e9cosyst\u00e8mes forestiers. La for\u00eat de Soignes est un espace riche et diversifi\u00e9 avec diff\u00e9rents \u00e9cosyst\u00e8mes. Elle abrite notamment des h\u00eatraies (60% de la surface), des ch\u00eanaies, des peuplements de r\u00e9sineux et des peuplements m\u00e9lang\u00e9s. On y trouve \u00e9galement... Read More\" \/>\n<meta property=\"og:url\" content=\"https:\/\/www.kbbm.be\/de\/formations\/la-foret-de-soignes-une-mosaique-decosystemes-forestiers-27-09-2025\/\" \/>\n<meta property=\"og:site_name\" content=\"Soci\u00e9t\u00e9 Royale Foresti\u00e8re de Belgique\" \/>\n<meta property=\"article:publisher\" content=\"https:\/\/www.facebook.com\/srfb.be\" \/>\n<meta property=\"article:modified_time\" content=\"2025-09-27T22:35:50+00:00\" \/>\n<meta property=\"og:image\" content=\"https:\/\/www.kbbm.be\/wp-content\/uploads\/2021\/05\/roman-purtov-NHPyk3hWt30-unsplash-2-scaled-1.jpg\" \/>\n\t<meta property=\"og:image:width\" content=\"1700\" \/>\n\t<meta property=\"og:image:height\" content=\"956\" \/>\n\t<meta property=\"og:image:type\" content=\"image\/jpeg\" \/>\n<script type=\"application\/ld+json\" class=\"yoast-schema-graph\">{\"@context\":\"https:\\\/\\\/schema.org\",\"@graph\":[{\"@type\":\"WebPage\",\"@id\":\"https:\\\/\\\/www.kbbm.be\\\/de\\\/formations\\\/la-foret-de-soignes-une-mosaique-decosystemes-forestiers-27-09-2025\\\/\",\"url\":\"https:\\\/\\\/www.kbbm.be\\\/de\\\/formations\\\/la-foret-de-soignes-une-mosaique-decosystemes-forestiers-27-09-2025\\\/\",\"name\":\"La for\u00eat de Soignes, une mosa\u00efque d\u2019\u00e9cosyst\u00e8mes forestiers - Soci\u00e9t\u00e9 Royale Foresti\u00e8re de Belgique\",\"isPartOf\":{\"@id\":\"https:\\\/\\\/srfb.be\\\/#website\"},\"primaryImageOfPage\":{\"@id\":\"https:\\\/\\\/www.kbbm.be\\\/de\\\/formations\\\/la-foret-de-soignes-une-mosaique-decosystemes-forestiers-27-09-2025\\\/#primaryimage\"},\"image\":{\"@id\":\"https:\\\/\\\/www.kbbm.be\\\/de\\\/formations\\\/la-foret-de-soignes-une-mosaique-decosystemes-forestiers-27-09-2025\\\/#primaryimage\"},\"thumbnailUrl\":\"https:\\\/\\\/kbbm.be\\\/wp-content\\\/uploads\\\/2021\\\/05\\\/roman-purtov-NHPyk3hWt30-unsplash-2-scaled-1.jpg\",\"datePublished\":\"2025-09-03T11:34:17+00:00\",\"dateModified\":\"2025-09-27T22:35:50+00:00\",\"breadcrumb\":{\"@id\":\"https:\\\/\\\/www.kbbm.be\\\/de\\\/formations\\\/la-foret-de-soignes-une-mosaique-decosystemes-forestiers-27-09-2025\\\/#breadcrumb\"},\"inLanguage\":\"de\",\"potentialAction\":[{\"@type\":\"ReadAction\",\"target\":[\"https:\\\/\\\/www.kbbm.be\\\/de\\\/formations\\\/la-foret-de-soignes-une-mosaique-decosystemes-forestiers-27-09-2025\\\/\"]}]},{\"@type\":\"ImageObject\",\"inLanguage\":\"de\",\"@id\":\"https:\\\/\\\/www.kbbm.be\\\/de\\\/formations\\\/la-foret-de-soignes-une-mosaique-decosystemes-forestiers-27-09-2025\\\/#primaryimage\",\"url\":\"https:\\\/\\\/kbbm.be\\\/wp-content\\\/uploads\\\/2021\\\/05\\\/roman-purtov-NHPyk3hWt30-unsplash-2-scaled-1.jpg\",\"contentUrl\":\"https:\\\/\\\/kbbm.be\\\/wp-content\\\/uploads\\\/2021\\\/05\\\/roman-purtov-NHPyk3hWt30-unsplash-2-scaled-1.jpg\",\"width\":1700,\"height\":956,\"caption\":\"joyeuse balade\"},{\"@type\":\"BreadcrumbList\",\"@id\":\"https:\\\/\\\/www.kbbm.be\\\/de\\\/formations\\\/la-foret-de-soignes-une-mosaique-decosystemes-forestiers-27-09-2025\\\/#breadcrumb\",\"itemListElement\":[{\"@type\":\"ListItem\",\"position\":1,\"name\":\"Accueil\",\"item\":\"https:\\\/\\\/srfb.be\\\/\"},{\"@type\":\"ListItem\",\"position\":2,\"name\":\"La for\u00eat de Soignes, une mosa\u00efque d\u2019\u00e9cosyst\u00e8mes forestiers\"}]},{\"@type\":\"WebSite\",\"@id\":\"https:\\\/\\\/srfb.be\\\/#website\",\"url\":\"https:\\\/\\\/srfb.be\\\/\",\"name\":\"Soci\u00e9t\u00e9 Royale Foresti\u00e8re de Belgique\",\"description\":\"Au service de la for\u00eat et des forestiers\",\"publisher\":{\"@id\":\"https:\\\/\\\/srfb.be\\\/#organization\"},\"alternateName\":\"SRFB-KBBM\",\"potentialAction\":[{\"@type\":\"SearchAction\",\"target\":{\"@type\":\"EntryPoint\",\"urlTemplate\":\"https:\\\/\\\/srfb.be\\\/?s={search_term_string}\"},\"query-input\":{\"@type\":\"PropertyValueSpecification\",\"valueRequired\":true,\"valueName\":\"search_term_string\"}}],\"inLanguage\":\"de\"},{\"@type\":\"Organization\",\"@id\":\"https:\\\/\\\/srfb.be\\\/#organization\",\"name\":\"Soci\u00e9t\u00e9 Royale Foresti\u00e8re De Belgique - Koninklijke Belgische Bosbouwmaatschappij\",\"alternateName\":\"SRFB-KBBM\",\"url\":\"https:\\\/\\\/srfb.be\\\/\",\"logo\":{\"@type\":\"ImageObject\",\"inLanguage\":\"de\",\"@id\":\"https:\\\/\\\/srfb.be\\\/#\\\/schema\\\/logo\\\/image\\\/\",\"url\":\"https:\\\/\\\/srfb.be\\\/wp-content\\\/uploads\\\/2019\\\/06\\\/android-chrome-256x256.png\",\"contentUrl\":\"https:\\\/\\\/srfb.be\\\/wp-content\\\/uploads\\\/2019\\\/06\\\/android-chrome-256x256.png\",\"width\":1200,\"height\":1232,\"caption\":\"Soci\u00e9t\u00e9 Royale Foresti\u00e8re De Belgique - Koninklijke Belgische Bosbouwmaatschappij\"},\"image\":{\"@id\":\"https:\\\/\\\/srfb.be\\\/#\\\/schema\\\/logo\\\/image\\\/\"},\"sameAs\":[\"https:\\\/\\\/www.facebook.com\\\/srfb.be\",\"https:\\\/\\\/www.instagram.com\\\/srfb_kbbm\\\/\",\"https:\\\/\\\/www.linkedin.com\\\/company\\\/srfb-kbbm\\\/\",\"https:\\\/\\\/www.youtube.com\\\/user\\\/srfbkbbm\"]}]}<\/script>\n<!-- \/ Yoast SEO plugin. -->","yoast_head_json":{"title":"Das Sonienwald, ein Mosaik aus Wald\u00f6kosystemen \u2013 K\u00f6nigliche Forstvereinigung von Belgien","robots":{"index":"index","follow":"follow","max-snippet":"max-snippet:-1","max-image-preview":"max-image-preview:large","max-video-preview":"max-video-preview:-1"},"canonical":"https:\/\/www.kbbm.be\/de\/formations\/la-foret-de-soignes-une-mosaique-decosystemes-forestiers-27-09-2025\/","og_locale":"de_DE","og_type":"article","og_title":"La for\u00eat de Soignes, une mosa\u00efque d\u2019\u00e9cosyst\u00e8mes forestiers - Soci\u00e9t\u00e9 Royale Foresti\u00e8re de Belgique","og_description":"\u00c0&nbsp;l\u2019occasion des Journ\u00e9es de la for\u00eat de Soignes, partez en balade grand public \u00e0 la d\u00e9couverte des \u00e9cosyst\u00e8mes forestiers. La for\u00eat de Soignes est un espace riche et diversifi\u00e9 avec diff\u00e9rents \u00e9cosyst\u00e8mes. Elle abrite notamment des h\u00eatraies (60% de la surface), des ch\u00eanaies, des peuplements de r\u00e9sineux et des peuplements m\u00e9lang\u00e9s. On y trouve \u00e9galement... Read More","og_url":"https:\/\/www.kbbm.be\/de\/formations\/la-foret-de-soignes-une-mosaique-decosystemes-forestiers-27-09-2025\/","og_site_name":"Soci\u00e9t\u00e9 Royale Foresti\u00e8re de Belgique","article_publisher":"https:\/\/www.facebook.com\/srfb.be","article_modified_time":"2025-09-27T22:35:50+00:00","og_image":[{"width":1700,"height":956,"url":"https:\/\/www.kbbm.be\/wp-content\/uploads\/2021\/05\/roman-purtov-NHPyk3hWt30-unsplash-2-scaled-1.jpg","type":"image\/jpeg"}],"schema":{"@context":"https:\/\/schema.org","@graph":[{"@type":"WebPage","@id":"https:\/\/www.kbbm.be\/de\/formations\/la-foret-de-soignes-une-mosaique-decosystemes-forestiers-27-09-2025\/","url":"https:\/\/www.kbbm.be\/de\/formations\/la-foret-de-soignes-une-mosaique-decosystemes-forestiers-27-09-2025\/","name":"Das Sonienwald, ein Mosaik aus Wald\u00f6kosystemen \u2013 K\u00f6nigliche Forstvereinigung von Belgien","isPartOf":{"@id":"https:\/\/srfb.be\/#website"},"primaryImageOfPage":{"@id":"https:\/\/www.kbbm.be\/de\/formations\/la-foret-de-soignes-une-mosaique-decosystemes-forestiers-27-09-2025\/#primaryimage"},"image":{"@id":"https:\/\/www.kbbm.be\/de\/formations\/la-foret-de-soignes-une-mosaique-decosystemes-forestiers-27-09-2025\/#primaryimage"},"thumbnailUrl":"https:\/\/kbbm.be\/wp-content\/uploads\/2021\/05\/roman-purtov-NHPyk3hWt30-unsplash-2-scaled-1.jpg","datePublished":"2025-09-03T11:34:17+00:00","dateModified":"2025-09-27T22:35:50+00:00","breadcrumb":{"@id":"https:\/\/www.kbbm.be\/de\/formations\/la-foret-de-soignes-une-mosaique-decosystemes-forestiers-27-09-2025\/#breadcrumb"},"inLanguage":"de","potentialAction":[{"@type":"ReadAction","target":["https:\/\/www.kbbm.be\/de\/formations\/la-foret-de-soignes-une-mosaique-decosystemes-forestiers-27-09-2025\/"]}]},{"@type":"ImageObject","inLanguage":"de","@id":"https:\/\/www.kbbm.be\/de\/formations\/la-foret-de-soignes-une-mosaique-decosystemes-forestiers-27-09-2025\/#primaryimage","url":"https:\/\/kbbm.be\/wp-content\/uploads\/2021\/05\/roman-purtov-NHPyk3hWt30-unsplash-2-scaled-1.jpg","contentUrl":"https:\/\/kbbm.be\/wp-content\/uploads\/2021\/05\/roman-purtov-NHPyk3hWt30-unsplash-2-scaled-1.jpg","width":1700,"height":956,"caption":"joyeuse balade"},{"@type":"BreadcrumbList","@id":"https:\/\/www.kbbm.be\/de\/formations\/la-foret-de-soignes-une-mosaique-decosystemes-forestiers-27-09-2025\/#breadcrumb","itemListElement":[{"@type":"ListItem","position":1,"name":"Accueil","item":"https:\/\/srfb.be\/"},{"@type":"ListItem","position":2,"name":"La for\u00eat de Soignes, une mosa\u00efque d\u2019\u00e9cosyst\u00e8mes forestiers"}]},{"@type":"WebSite","@id":"https:\/\/srfb.be\/#website","url":"https:\/\/srfb.be\/","name":"K\u00f6nigliche Forstverein Belgiens","description":"Im Dienste des Waldes und der F\u00f6rster","publisher":{"@id":"https:\/\/srfb.be\/#organization"},"alternateName":"SRFB-KBBM","potentialAction":[{"@type":"SearchAction","target":{"@type":"EntryPoint","urlTemplate":"https:\/\/srfb.be\/?s={search_term_string}"},"query-input":{"@type":"PropertyValueSpecification","valueRequired":true,"valueName":"search_term_string"}}],"inLanguage":"de"},{"@type":"Organization","@id":"https:\/\/srfb.be\/#organization","name":"Soci\u00e9t\u00e9 Royale Foresti\u00e8re De Belgique - Koninklijke Belgische Bosbouwmaatschappij","alternateName":"SRFB-KBBM","url":"https:\/\/srfb.be\/","logo":{"@type":"ImageObject","inLanguage":"de","@id":"https:\/\/srfb.be\/#\/schema\/logo\/image\/","url":"https:\/\/srfb.be\/wp-content\/uploads\/2019\/06\/android-chrome-256x256.png","contentUrl":"https:\/\/srfb.be\/wp-content\/uploads\/2019\/06\/android-chrome-256x256.png","width":1200,"height":1232,"caption":"Soci\u00e9t\u00e9 Royale Foresti\u00e8re De Belgique - Koninklijke Belgische Bosbouwmaatschappij"},"image":{"@id":"https:\/\/srfb.be\/#\/schema\/logo\/image\/"},"sameAs":["https:\/\/www.facebook.com\/srfb.be","https:\/\/www.instagram.com\/srfb_kbbm\/","https:\/\/www.linkedin.com\/company\/srfb-kbbm\/","https:\/\/www.youtube.com\/user\/srfbkbbm"]}]}},"_links":{"self":[{"href":"https:\/\/kbbm.be\/de\/wp-json\/wp\/v2\/event_listing\/38981","targetHints":{"allow":["GET"]}}],"collection":[{"href":"https:\/\/kbbm.be\/de\/wp-json\/wp\/v2\/event_listing"}],"about":[{"href":"https:\/\/kbbm.be\/de\/wp-json\/wp\/v2\/types\/event_listing"}],"wp:featuredmedia":[{"embeddable":true,"href":"https:\/\/kbbm.be\/de\/wp-json\/wp\/v2\/media\/17429"}],"wp:attachment":[{"href":"https:\/\/kbbm.be\/de\/wp-json\/wp\/v2\/media?parent=38981"}],"wp:term":[{"taxonomy":"event_listing_category","embeddable":true,"href":"https:\/\/kbbm.be\/de\/wp-json\/wp\/v2\/event_listing_category?post=38981"},{"taxonomy":"event_listing_type","embeddable":true,"href":"https:\/\/kbbm.be\/de\/wp-json\/wp\/v2\/event_listing_type?post=38981"}],"curies":[{"name":"wp","href":"https:\/\/api.w.org\/{rel}","templated":true}]}}